{"id":580,"date":"2025-03-26T14:45:49","date_gmt":"2025-03-26T14:45:49","guid":{"rendered":"https:\/\/tus.smaco.de\/?page_id=580"},"modified":"2025-04-02T15:28:07","modified_gmt":"2025-04-02T15:28:07","slug":"sunday-kicker","status":"publish","type":"page","link":"https:\/\/tus.smaco.de\/?page_id=580","title":{"rendered":"Sunday Kicker"},"content":{"rendered":"\n<p><strong>Ansprechpartner:<\/strong>&nbsp;Michael Sylla (sunday.kicker)@tus-winterscheid.de<br><strong>Trainingszeiten:<\/strong>&nbsp;So. 17:30-19:30<br>&nbsp;<br>Liebe Fu\u00dfballfreunde,<br>wir sind eine eigenst\u00e4ndige Sparte der Fu\u00dfballabteilung des TuS Winterscheid, gegr\u00fcndet vor \u00fcber 30 Jahren unter dem Aspekt des freundschaftlichen Miteinanders.<br><strong>Unser Motto:<\/strong>&nbsp;<br><em>Das Wochenende mittels gediegenem Fu\u00dfball sportlich und lustig ausklingen lassen.<\/em><br><strong>AKTIVIT\u00c4TEN:<\/strong><br>Unsere einzige Wettkampfaktivit\u00e4t ist die Teilnahme am AH-Turnier der Ortsvereine in Winterscheid.<br>Diesen direkten Vergleich scheuen wir absolut nicht und so haben wir nach 2008 zuletzt aktuell in 2018 den begehrten Wanderpokal mit einem unserer zwei teilnehmenden Teams bei den Profis erk\u00e4mpft.<br>Sport verbindet und so freuen wir uns, dass wir auch abseits des Fu\u00dfballfeldes zusammen gewachsen sind. Dies zeigt sich unter anderem bei unserem j\u00e4hrlich stattfindenden Familiensommerfest und unserer Weihnachtsfeier.<br>Besonders sch\u00f6n ist auch, dass einige unserer Neub\u00fcrger den Weg zu uns gefunden und sich als Teil des Teams mittlerweile super integriert haben.&nbsp;&nbsp;<br><strong>Wer also\u2026<\/strong><\/p>\n\n\n\n<p>schon immer an spielwitzigen Ballstafetten \u00e0 la Reus, M\u00fcller &amp; Co interessiert war und<br><em>Lebewohl<\/em>&nbsp;zum Mittelma\u00df und&nbsp;<em>Hallo<\/em>&nbsp;zur Spitzenklasse sagen m\u00f6chte, der<\/p>\n\n\n\n<p>ist bei uns genau richtig \u2013 da wir selbstverst\u00e4ndlich auch das Bundesligageschehen aktiv diskutieren \ud83d\ude09<br>Sollten wir Euer Interesse geweckt haben und Spr\u00fcche wie\u2026<\/p>\n\n\n\n<p>\u201eDas kann au\u00dfer Dir nur noch Messi!\u201c \ud83d\ude09<br>\u201eChapeau! Ich hab\u2019 bislang gar nicht gewusst, dass man den Ball aus diesem Winkel \u00fcberhaupt versenken kann!\u201c<br>\u201eSag mal, wo hast Du eigentlich so brillantes Passspiel gelernt?\u201c<br>\u201eMein Fehler, den hatte ich mir eigentlich anders vorgestellt \u2013 aber ein so beeindruckendes Spielniveau l\u00e4sst sich halt auch nicht pausenlos abbilden!\u201c<\/p>\n\n\n\n<p>&nbsp;<br>bei Euch Lust zum Mitmachen&nbsp; und \u2013lachen wecken, seid Ihr herzlich willkommen.<br>Da sich der Sonntagskick stark wachsender Beliebtheit erfreut, erlauben wir uns an dieser Stelle einige organisatorische Hinweise, um zuk\u00fcnftig einen noch reibungsloseren Spielbetrieb zu erm\u00f6glichen:<\/p>\n\n\n\n<p>\u201eWer k\u00fctt, der k\u00fctt\u201c- direkt zum Sportplatz. Voranmeldung nicht erforderlich;<\/p>\n\n\n\n<p>wir treffen uns grunds\u00e4tzlich jeden Sonntag um 17:30 Uhr. Nach individueller Aufw\u00e4rmphase beginnen wir um ca. 17:45 Uhr mit dem Spiel und enden um ca. 19:30 Uhr;<\/p>\n\n\n\n<p>wir sind aus R\u00fccksicht auf Anwohner angehalten, auf der rechten Platzh\u00e4lfte quer zu spielen. Sollte der Platz witterungsbedingt geschlossen sein, geht es in die Halle;<\/p>\n\n\n\n<p>wir unterstreichen ausdr\u00fccklich und mit viel Stolz den freundschaftlich-fairen Charakter unserer Sunday Kicker. Demnach sind Zweik\u00e4mpfe nach \u201aInternationaler H\u00e4rte\u2018 bei uns v\u00f6llig fehl am Platz. Wir dulden kein \u00fcberzogen hartes Einsteigen, da wir alle ohne Blessuren in die neue Arbeitswoche starten m\u00f6chten (bzw. m\u00fcssen);<\/p>\n\n\n\n<p>besonders bemerkenswert: bei uns wird nicht gemeckert und geschimpft, da das Miteinander, die Gemeinschaft und der Spa\u00df im Vordergrund stehen. Das garantieren wir Euch!<\/p>\n\n\n\n<p><strong>FAZIT:<\/strong><br>Die Sunday Kicker bieten jedem Interessierten eine Sportm\u00f6glichkeit \u2013 mit Witz und Humor unter Gleichgesinnten.<br><em>Auf sportliche Begegnungen freuen sich<\/em>&nbsp;<br>&nbsp;<br><em>Eure Sunday Kicker<\/em>&nbsp;<\/p>\n\n\n<ul class=\"wp-block-latest-posts__list has-dates wp-block-latest-posts\"><li><a class=\"wp-block-latest-posts__post-title\" href=\"https:\/\/tus.smaco.de\/?p=251\">\u00dcbergabe Erl\u00f6s Pokerturnier an Rollstuhltischtennis Abteilung<\/a><time datetime=\"2019-09-09T18:13:15+00:00\" class=\"wp-block-latest-posts__post-date\">September 9, 2019<\/time><\/li>\n<li><a class=\"wp-block-latest-posts__post-title\" href=\"https:\/\/tus.smaco.de\/?p=224\">Benefizpokerturnier am 19. Januar im Sportlerheim<\/a><time datetime=\"2019-01-11T13:21:42+00:00\" class=\"wp-block-latest-posts__post-date\">Januar 11, 2019<\/time><\/li>\n<\/ul>","protected":false},"excerpt":{"rendered":"<p>Ansprechpartner:&nbsp;Michael Sylla (sunday.kicker)@tus-winterscheid.deTrainingszeiten:&nbsp;So. 17:30-19:30&nbsp;Liebe Fu\u00dfballfreunde,wir sind eine eigenst\u00e4ndige Sparte der Fu\u00dfballabteilung des TuS Winterscheid, gegr\u00fcndet vor \u00fcber 30 Jahren unter dem Aspekt des freundschaftlichen Miteinanders.Unser Motto:&nbsp;Das Wochenende mittels gediegenem Fu\u00dfball sportlich und lustig ausklingen lassen.AKTIVIT\u00c4TEN:Unsere einzige Wettkampfaktivit\u00e4t ist die Teilnahme am AH-Turnier der Ortsvereine in Winterscheid.Diesen direkten Vergleich scheuen wir [&hellip;]<\/p>\n","protected":false},"author":1,"featured_media":0,"parent":0,"menu_order":0,"comment_status":"closed","ping_status":"closed","template":"","meta":{"footnotes":""},"class_list":["post-580","page","type-page","status-publish","hentry"],"_links":{"self":[{"href":"https:\/\/tus.smaco.de\/index.php?rest_route=\/wp\/v2\/pages\/580","targetHints":{"allow":["GET"]}}],"collection":[{"href":"https:\/\/tus.smaco.de\/index.php?rest_route=\/wp\/v2\/pages"}],"about":[{"href":"https:\/\/tus.smaco.de\/index.php?rest_route=\/wp\/v2\/types\/page"}],"author":[{"embeddable":true,"href":"https:\/\/tus.smaco.de\/index.php?rest_route=\/wp\/v2\/users\/1"}],"replies":[{"embeddable":true,"href":"https:\/\/tus.smaco.de\/index.php?rest_route=%2Fwp%2Fv2%2Fcomments&post=580"}],"version-history":[{"count":2,"href":"https:\/\/tus.smaco.de\/index.php?rest_route=\/wp\/v2\/pages\/580\/revisions"}],"predecessor-version":[{"id":955,"href":"https:\/\/tus.smaco.de\/index.php?rest_route=\/wp\/v2\/pages\/580\/revisions\/955"}],"wp:attachment":[{"href":"https:\/\/tus.smaco.de\/index.php?rest_route=%2Fwp%2Fv2%2Fmedia&parent=580"}],"curies":[{"name":"wp","href":"https:\/\/api.w.org\/{rel}","templated":true}]}}